{"id":152,"date":"2016-04-19T14:52:50","date_gmt":"2016-04-19T12:52:50","guid":{"rendered":"http:\/\/test.holzinger-gartengestaltung.de\/?page_id=152"},"modified":"2016-04-19T15:07:31","modified_gmt":"2016-04-19T13:07:31","slug":"kontakt","status":"publish","type":"page","link":"https:\/\/holzinger-gartengestaltung.de\/?page_id=152","title":{"rendered":"Kontakt"},"content":{"rendered":"<div id=\"pl-152\"  class=\"panel-layout\" ><div id=\"pg-152-0\"  class=\"panel-grid panel-no-style\" ><div id=\"pgc-152-0-0\"  class=\"panel-grid-cell\" ><div id=\"panel-152-0-0-0\" class=\"so-panel widget widget_black-studio-tinymce widget_black_studio_tinymce panel-first-child panel-last-child\" data-index=\"0\" ><div class=\"textwidget\"><h4><span style=\"color: #99cc00; font-family: helvetica,arial,sans-serif;\">Dirk Holzinger <\/span><br \/><span style=\"color: #99cc00; font-family: helvetica,arial,sans-serif;\">Gartenplanung &amp; Gestaltung<\/span><br \/><span style=\"color: #99cc00; font-family: helvetica,arial,sans-serif;\">Am Dorfplatz 3<\/span><br \/><span style=\"color: #99cc00; font-family: helvetica,arial,sans-serif;\">91171 Greding<\/span><br \/><span style=\"color: #99cc00; font-family: helvetica,arial,sans-serif;\">Tel.: 08469 901452<\/span><\/h4>\n<h4><span style=\"color: #99cc00; font-family: helvetica,arial,sans-serif;\">info@holzinger-gartengestaltung.de<\/span><\/h4>\n<\/div><\/div><\/div><div id=\"pgc-152-0-1\"  class=\"panel-grid-cell\" ><div id=\"panel-152-0-1-0\" class=\"so-panel widget widget_black-studio-tinymce widget_black_studio_tinymce panel-first-child panel-last-child\" data-index=\"1\" ><div class=\"textwidget\"><h4><span style=\"color: #99cc00; font-family: helvetica,arial,sans-serif;\">Anfahrt<\/span><\/h4>\n<p>Oberm\u00e4ssing geh\u00f6rt zur Gro\u00dfgemeinde Greding und ist in vielen Richtungen aus leicht anfahrbar.<\/p>\n<p>Zu unserem Haupteinzugsgebiet z\u00e4hlt deshalb nicht nur die Gro\u00dfgemeinde Greding, sondern auch die Gebiete Thalm\u00e4ssing, Hilpoltstein, Freystadt, Heideck, Allersberg, und M\u00fchlhausen.<\/p>\n<p>\u00dcber die Autobahnanbindung A9 erreichen sie von uns Norden kommend ab Ausfahrt Hilpoltstein \/ Sindersdorf oder S\u00fcden kommend bei Ausfahrt, Greding, Titting.<\/p>\n<\/div><\/div><\/div><\/div><\/div>","protected":false},"excerpt":{"rendered":"<p>Dirk Holzinger Gartenplanung &amp; GestaltungAm Dorfplatz 391171 GredingTel.: 08469 901452info@holzinger-gartengestaltung.de AnfahrtOberm\u00e4ssing geh\u00f6rt zur Gro\u00dfgemeinde Greding und ist in vielen Richtungen aus leicht anfahrbar.Zu unserem Haupteinzugsgebiet z\u00e4hlt deshalb nicht nur die Gro\u00dfgemeinde Greding, sondern auch die Gebiete Thalm\u00e4ssing, Hilpoltstein, Freystadt, Heideck, Allersberg, und M\u00fchlhausen.\u00dcber die Autobahnanbindung A9 erreichen sie von uns Norden kommend ab Ausfahrt Hilpoltstein [&hellip;]<\/p>\n","protected":false},"author":1,"featured_media":0,"parent":0,"menu_order":0,"comment_status":"closed","ping_status":"closed","template":"template-front-fullslider.php","meta":{"footnotes":""},"class_list":["post-152","page","type-page","status-publish","hentry"],"_links":{"self":[{"href":"https:\/\/holzinger-gartengestaltung.de\/index.php?rest_route=\/wp\/v2\/pages\/152","targetHints":{"allow":["GET"]}}],"collection":[{"href":"https:\/\/holzinger-gartengestaltung.de\/index.php?rest_route=\/wp\/v2\/pages"}],"about":[{"href":"https:\/\/holzinger-gartengestaltung.de\/index.php?rest_route=\/wp\/v2\/types\/page"}],"author":[{"embeddable":true,"href":"https:\/\/holzinger-gartengestaltung.de\/index.php?rest_route=\/wp\/v2\/users\/1"}],"replies":[{"embeddable":true,"href":"https:\/\/holzinger-gartengestaltung.de\/index.php?rest_route=%2Fwp%2Fv2%2Fcomments&post=152"}],"version-history":[{"count":4,"href":"https:\/\/holzinger-gartengestaltung.de\/index.php?rest_route=\/wp\/v2\/pages\/152\/revisions"}],"predecessor-version":[{"id":157,"href":"https:\/\/holzinger-gartengestaltung.de\/index.php?rest_route=\/wp\/v2\/pages\/152\/revisions\/157"}],"wp:attachment":[{"href":"https:\/\/holzinger-gartengestaltung.de\/index.php?rest_route=%2Fwp%2Fv2%2Fmedia&parent=152"}],"curies":[{"name":"wp","href":"https:\/\/api.w.org\/{rel}","templated":true}]}}